{"id":5140,"date":"2023-02-17T08:55:14","date_gmt":"2023-02-17T08:55:14","guid":{"rendered":"http:\/\/visix-france.fr\/categories-de-produits\/mobiliers\/"},"modified":"2023-12-18T17:17:15","modified_gmt":"2023-12-18T17:17:15","slug":"mobiliers","status":"publish","type":"page","link":"https:\/\/visix.fr\/fr\/produits\/mobiliers\/","title":{"rendered":"Mobiliers"},"content":{"rendered":"\t\t<div data-elementor-type=\"wp-page\" data-elementor-id=\"5140\" class=\"elementor elementor-5140\">\n\t\t\t\t\t\t\t\t\t<section class=\"elementor-section elementor-top-section elementor-element elementor-element-e350907 elementor-section-boxed elementor-section-height-default elementor-section-height-default\" data-id=\"e350907\" data-element_type=\"section\">\n\t\t\t\t\t\t<div class=\"elementor-container elementor-column-gap-default\">\n\t\t\t\t\t<div class=\"elementor-column elementor-col-100 elementor-top-column elementor-element elementor-element-287fbfc\" data-id=\"287fbfc\" data-element_type=\"column\">\n\t\t\t<div class=\"elementor-widget-wrap elementor-element-populated\">\n\t\t\t\t\t\t\t\t<div class=\"elementor-element elementor-element-94b7f7d elementor-widget elementor-widget-template\" data-id=\"94b7f7d\" data-element_type=\"widget\" data-widget_type=\"template.default\">\n\t\t\t\t<div class=\"elementor-widget-container\">\n\t\t\t\t\t<div class=\"elementor-template\">\n\t\t\t\t\t<div data-elementor-type=\"section\" data-elementor-id=\"362\" class=\"elementor elementor-362\">\n\t\t\t\t\t\t\t\t<section class=\"elementor-section elementor-top-section elementor-element elementor-element-18474046 elementor-section-boxed elementor-section-height-default elementor-section-height-default\" data-id=\"18474046\" data-element_type=\"section\" data-settings=\"{&quot;background_background&quot;:&quot;classic&quot;}\">\n\t\t\t\t\t\t<div class=\"elementor-container elementor-column-gap-default\">\n\t\t\t\t\t<div class=\"elementor-column elementor-col-100 elementor-top-column elementor-element elementor-element-68b15ef9\" data-id=\"68b15ef9\" data-element_type=\"column\">\n\t\t\t<div class=\"elementor-widget-wrap elementor-element-populated\">\n\t\t\t\t\t\t\t\t<div class=\"elementor-element elementor-element-566ed32b elementor-align-left elementor-widget elementor-widget-breadcrumbs\" data-id=\"566ed32b\" data-element_type=\"widget\" data-widget_type=\"breadcrumbs.default\">\n\t\t\t\t<div class=\"elementor-widget-container\">\n\t\t\t<link rel=\"stylesheet\" href=\"https:\/\/visix.fr\/wp-content\/plugins\/elementor-pro\/assets\/css\/widget-theme-elements.min.css\"><p id=\"breadcrumbs\"><span><span><a href=\"https:\/\/visix.fr\/fr\/\">Home<\/a><\/span><\/p>\t\t<\/div>\n\t\t\t\t<\/div>\n\t\t\t\t\t<\/div>\n\t\t<\/div>\n\t\t\t\t\t\t\t<\/div>\n\t\t<\/section>\n\t\t\t\t\t\t<\/div>\n\t\t\t\t<\/div>\n\t\t\t\t<\/div>\n\t\t\t\t<\/div>\n\t\t\t\t\t<\/div>\n\t\t<\/div>\n\t\t\t\t\t\t\t<\/div>\n\t\t<\/section>\n\t\t\t\t<section class=\"elementor-section elementor-top-section elementor-element elementor-element-b2b450b elementor-section-boxed elementor-section-height-default elementor-section-height-default\" data-id=\"b2b450b\" data-element_type=\"section\" data-settings=\"{&quot;background_background&quot;:&quot;classic&quot;}\">\n\t\t\t\t\t\t<div class=\"elementor-container elementor-column-gap-default\">\n\t\t\t\t\t<div class=\"elementor-column elementor-col-100 elementor-top-column elementor-element elementor-element-46e3f62\" data-id=\"46e3f62\" data-element_type=\"column\">\n\t\t\t<div class=\"elementor-widget-wrap elementor-element-populated\">\n\t\t\t\t\t\t\t\t<div class=\"elementor-element elementor-element-8ccbaba elementor-grid-4 elementor-posts--align-center elementor-grid-tablet-2 elementor-grid-mobile-1 elementor-posts--thumbnail-top elementor-widget elementor-widget-posts\" data-id=\"8ccbaba\" data-element_type=\"widget\" data-settings=\"{&quot;classic_columns&quot;:&quot;4&quot;,&quot;classic_columns_tablet&quot;:&quot;2&quot;,&quot;classic_columns_mobile&quot;:&quot;1&quot;,&quot;classic_row_gap&quot;:{&quot;unit&quot;:&quot;px&quot;,&quot;size&quot;:35,&quot;sizes&quot;:[]},&quot;classic_row_gap_tablet&quot;:{&quot;unit&quot;:&quot;px&quot;,&quot;size&quot;:&quot;&quot;,&quot;sizes&quot;:[]},&quot;classic_row_gap_mobile&quot;:{&quot;unit&quot;:&quot;px&quot;,&quot;size&quot;:&quot;&quot;,&quot;sizes&quot;:[]}}\" data-widget_type=\"posts.classic\">\n\t\t\t\t<div class=\"elementor-widget-container\">\n\t\t\t<link rel=\"stylesheet\" href=\"https:\/\/visix.fr\/wp-content\/plugins\/elementor-pro\/assets\/css\/widget-posts.min.css\">\t\t<div class=\"elementor-posts-container elementor-posts elementor-posts--skin-classic elementor-grid\">\n\t\t\t\t<article class=\"elementor-post elementor-grid-item post-6675 post type-post status-publish format-standard has-post-thumbnail hentry category-mobiliers\">\n\t\t\t\t<a class=\"elementor-post__thumbnail__link\" href=\"https:\/\/visix.fr\/fr\/produits\/mobiliers\/siege-poire\/\" >\n\t\t\t<div class=\"elementor-post__thumbnail\"><img loading=\"lazy\" decoding=\"async\" width=\"800\" height=\"200\" src=\"https:\/\/visix.fr\/wp-content\/uploads\/2023\/02\/zitzakken-full-colour-bedrukt-1024x256.jpg\" class=\"attachment-large size-large wp-image-4694\" alt=\"\" srcset=\"https:\/\/visix.fr\/wp-content\/uploads\/2023\/02\/zitzakken-full-colour-bedrukt-1024x256.jpg 1024w, https:\/\/visix.fr\/wp-content\/uploads\/2023\/02\/zitzakken-full-colour-bedrukt-300x75.jpg 300w, https:\/\/visix.fr\/wp-content\/uploads\/2023\/02\/zitzakken-full-colour-bedrukt-768x192.jpg 768w, https:\/\/visix.fr\/wp-content\/uploads\/2023\/02\/zitzakken-full-colour-bedrukt-1536x384.jpg 1536w, https:\/\/visix.fr\/wp-content\/uploads\/2023\/02\/zitzakken-full-colour-bedrukt.jpg 1920w\" sizes=\"(max-width: 800px) 100vw, 800px\" \/><\/div>\n\t\t<\/a>\n\t\t\t\t<div class=\"elementor-post__text\">\n\t\t\t\t<h3 class=\"elementor-post__title\">\n\t\t\t<a href=\"https:\/\/visix.fr\/fr\/produits\/mobiliers\/siege-poire\/\" >\n\t\t\t\tSi\u00e8ge-poire\t\t\t<\/a>\n\t\t<\/h3>\n\t\t\n\t\t<a class=\"elementor-post__read-more\" href=\"https:\/\/visix.fr\/fr\/produits\/mobiliers\/siege-poire\/\" >\n\t\t\tLire plus\t\t<\/a>\n\n\t\t\t\t<\/div>\n\t\t\t\t<\/article>\n\t\t\t\t<article class=\"elementor-post elementor-grid-item post-6683 post type-post status-publish format-standard has-post-thumbnail hentry category-mobiliers\">\n\t\t\t\t<a class=\"elementor-post__thumbnail__link\" href=\"https:\/\/visix.fr\/fr\/produits\/mobiliers\/cube-promotionnel\/\" >\n\t\t\t<div class=\"elementor-post__thumbnail\"><img loading=\"lazy\" decoding=\"async\" width=\"800\" height=\"200\" src=\"https:\/\/visix.fr\/wp-content\/uploads\/2023\/02\/Zitkubus-1-1024x256.png\" class=\"attachment-large size-large wp-image-4674\" alt=\"\" srcset=\"https:\/\/visix.fr\/wp-content\/uploads\/2023\/02\/Zitkubus-1-1024x256.png 1024w, https:\/\/visix.fr\/wp-content\/uploads\/2023\/02\/Zitkubus-1-300x75.png 300w, https:\/\/visix.fr\/wp-content\/uploads\/2023\/02\/Zitkubus-1-768x192.png 768w, https:\/\/visix.fr\/wp-content\/uploads\/2023\/02\/Zitkubus-1-1536x384.png 1536w, https:\/\/visix.fr\/wp-content\/uploads\/2023\/02\/Zitkubus-1.png 1920w\" sizes=\"(max-width: 800px) 100vw, 800px\" \/><\/div>\n\t\t<\/a>\n\t\t\t\t<div class=\"elementor-post__text\">\n\t\t\t\t<h3 class=\"elementor-post__title\">\n\t\t\t<a href=\"https:\/\/visix.fr\/fr\/produits\/mobiliers\/cube-promotionnel\/\" >\n\t\t\t\tCube promotionnel\t\t\t<\/a>\n\t\t<\/h3>\n\t\t\n\t\t<a class=\"elementor-post__read-more\" href=\"https:\/\/visix.fr\/fr\/produits\/mobiliers\/cube-promotionnel\/\" >\n\t\t\tLire plus\t\t<\/a>\n\n\t\t\t\t<\/div>\n\t\t\t\t<\/article>\n\t\t\t\t<article class=\"elementor-post elementor-grid-item post-6687 post type-post status-publish format-standard has-post-thumbnail hentry category-mobiliers\">\n\t\t\t\t<a class=\"elementor-post__thumbnail__link\" href=\"https:\/\/visix.fr\/fr\/produits\/mobiliers\/transat-de-plage\/\" >\n\t\t\t<div class=\"elementor-post__thumbnail\"><img loading=\"lazy\" decoding=\"async\" width=\"800\" height=\"200\" src=\"https:\/\/visix.fr\/wp-content\/uploads\/2023\/02\/strandstoel-strange-donkey-v2-1024x256.jpg\" class=\"attachment-large size-large wp-image-4665\" alt=\"\" srcset=\"https:\/\/visix.fr\/wp-content\/uploads\/2023\/02\/strandstoel-strange-donkey-v2-1024x256.jpg 1024w, https:\/\/visix.fr\/wp-content\/uploads\/2023\/02\/strandstoel-strange-donkey-v2-300x75.jpg 300w, https:\/\/visix.fr\/wp-content\/uploads\/2023\/02\/strandstoel-strange-donkey-v2-768x192.jpg 768w, https:\/\/visix.fr\/wp-content\/uploads\/2023\/02\/strandstoel-strange-donkey-v2-1536x384.jpg 1536w, https:\/\/visix.fr\/wp-content\/uploads\/2023\/02\/strandstoel-strange-donkey-v2.jpg 1920w\" sizes=\"(max-width: 800px) 100vw, 800px\" \/><\/div>\n\t\t<\/a>\n\t\t\t\t<div class=\"elementor-post__text\">\n\t\t\t\t<h3 class=\"elementor-post__title\">\n\t\t\t<a href=\"https:\/\/visix.fr\/fr\/produits\/mobiliers\/transat-de-plage\/\" >\n\t\t\t\tTransat de plage\t\t\t<\/a>\n\t\t<\/h3>\n\t\t\n\t\t<a class=\"elementor-post__read-more\" href=\"https:\/\/visix.fr\/fr\/produits\/mobiliers\/transat-de-plage\/\" >\n\t\t\tLire plus\t\t<\/a>\n\n\t\t\t\t<\/div>\n\t\t\t\t<\/article>\n\t\t\t\t<\/div>\n\t\t\n\t\t\t\t<\/div>\n\t\t\t\t<\/div>\n\t\t\t\t\t<\/div>\n\t\t<\/div>\n\t\t\t\t\t\t\t<\/div>\n\t\t<\/section>\n\t\t\t\t<section class=\"elementor-section elementor-top-section elementor-element elementor-element-cd79017 elementor-section-boxed elementor-section-height-default elementor-section-height-default\" data-id=\"cd79017\" data-element_type=\"section\" data-settings=\"{&quot;background_background&quot;:&quot;classic&quot;}\">\n\t\t\t\t\t\t<div class=\"elementor-container elementor-column-gap-default\">\n\t\t\t\t\t<div class=\"elementor-column elementor-col-100 elementor-top-column elementor-element elementor-element-6f0b7a0\" data-id=\"6f0b7a0\" data-element_type=\"column\">\n\t\t\t<div class=\"elementor-widget-wrap elementor-element-populated\">\n\t\t\t\t\t\t\t\t<div class=\"elementor-element elementor-element-7e411b5 elementor-widget elementor-widget-text-editor\" data-id=\"7e411b5\" data-element_type=\"widget\" data-widget_type=\"text-editor.default\">\n\t\t\t\t<div class=\"elementor-widget-container\">\n\t\t\t<style>\/*! elementor - v3.11.5 - 14-03-2023 *\/\n.elementor-widget-text-editor.elementor-drop-cap-view-stacked .elementor-drop-cap{background-color:#818a91;color:#fff}.elementor-widget-text-editor.elementor-drop-cap-view-framed .elementor-drop-cap{color:#818a91;border:3px solid;background-color:transparent}.elementor-widget-text-editor:not(.elementor-drop-cap-view-default) .elementor-drop-cap{margin-top:8px}.elementor-widget-text-editor:not(.elementor-drop-cap-view-default) .elementor-drop-cap-letter{width:1em;height:1em}.elementor-widget-text-editor .elementor-drop-cap{float:left;text-align:center;line-height:1;font-size:50px}.elementor-widget-text-editor .elementor-drop-cap-letter{display:inline-block}<\/style>\t\t\t\tNotre mobilier comprend une s\u00e9rie de produits avec lesquels vous pouvez facilement habiller vos \u00e9v\u00e9nements. Notre gamme de meubles se compose de si\u00e8ges-poires, de cubes, de transats, de housses de table et de comptoirs de diff\u00e9rentes formes et dimensions. L\u2019installation sur place est un jeu d\u2019enfant.\t\t\t\t\t\t<\/div>\n\t\t\t\t<\/div>\n\t\t\t\t\t<\/div>\n\t\t<\/div>\n\t\t\t\t\t\t\t<\/div>\n\t\t<\/section>\n\t\t\t\t\t\t\t<\/div>\n\t\t","protected":false},"excerpt":{"rendered":"<p>Notre mobilier comprend une s\u00e9rie de produits avec lesquels vous pouvez facilement habiller vos \u00e9v\u00e9nements. Notre gamme de meubles se compose de si\u00e8ges-poires, de cubes,<\/p>\n","protected":false},"author":1,"featured_media":0,"parent":5132,"menu_order":0,"comment_status":"closed","ping_status":"closed","template":"elementor_header_footer","meta":{"content-type":"","footnotes":""},"yoast_head":"<!-- This site is optimized with the Yoast SEO plugin v19.11 - https:\/\/yoast.com\/wordpress\/plugins\/seo\/ -->\n<title>Mobiliers | Visix<\/title>\n<meta name=\"robots\" content=\"index, follow, max-snippet:-1, max-image-preview:large, max-video-preview:-1\" \/>\n<link rel=\"canonical\" href=\"https:\/\/visix.fr\/fr\/produits\/mobiliers\/\" \/>\n<meta property=\"og:locale\" content=\"fr_FR\" \/>\n<meta property=\"og:type\" content=\"article\" \/>\n<meta property=\"og:title\" content=\"Mobiliers | Visix\" \/>\n<meta property=\"og:description\" content=\"Notre mobilier comprend une s\u00e9rie de produits avec lesquels vous pouvez facilement habiller vos \u00e9v\u00e9nements. Notre gamme de meubles se compose de si\u00e8ges-poires, de cubes,\" \/>\n<meta property=\"og:url\" content=\"https:\/\/visix.fr\/fr\/produits\/mobiliers\/\" \/>\n<meta property=\"og:site_name\" content=\"Visix\" \/>\n<meta property=\"article:modified_time\" content=\"2023-12-18T17:17:15+00:00\" \/>\n<meta name=\"twitter:card\" content=\"summary_large_image\" \/>\n<script type=\"application\/ld+json\" class=\"yoast-schema-graph\">{\"@context\":\"https:\/\/schema.org\",\"@graph\":[{\"@type\":\"WebPage\",\"@id\":\"https:\/\/visix.fr\/fr\/produits\/mobiliers\/\",\"url\":\"https:\/\/visix.fr\/fr\/produits\/mobiliers\/\",\"name\":\"Mobiliers | Visix\",\"isPartOf\":{\"@id\":\"https:\/\/visix.fr\/fr\/#website\"},\"datePublished\":\"2023-02-17T08:55:14+00:00\",\"dateModified\":\"2023-12-18T17:17:15+00:00\",\"breadcrumb\":{\"@id\":\"https:\/\/visix.fr\/fr\/produits\/mobiliers\/#breadcrumb\"},\"inLanguage\":\"fr-FR\",\"potentialAction\":[{\"@type\":\"ReadAction\",\"target\":[\"https:\/\/visix.fr\/fr\/produits\/mobiliers\/\"]}]},{\"@type\":\"BreadcrumbList\",\"@id\":\"https:\/\/visix.fr\/fr\/produits\/mobiliers\/#breadcrumb\",\"itemListElement\":[{\"@type\":\"ListItem\",\"position\":1,\"name\":\"Home\",\"item\":\"https:\/\/visix.fr\/fr\/\"},{\"@type\":\"ListItem\",\"position\":2,\"name\":\"Produits\",\"item\":\"https:\/\/visix.fr\/fr\/produits\/\"},{\"@type\":\"ListItem\",\"position\":3,\"name\":\"Mobiliers\"}]},{\"@type\":\"WebSite\",\"@id\":\"https:\/\/visix.fr\/fr\/#website\",\"url\":\"https:\/\/visix.fr\/fr\/\",\"name\":\"Visix\",\"description\":\"We make your brand shine\",\"publisher\":{\"@id\":\"https:\/\/visix.fr\/fr\/#organization\"},\"potentialAction\":[{\"@type\":\"SearchAction\",\"target\":{\"@type\":\"EntryPoint\",\"urlTemplate\":\"https:\/\/visix.fr\/fr\/?s={search_term_string}\"},\"query-input\":\"required name=search_term_string\"}],\"inLanguage\":\"fr-FR\"},{\"@type\":\"Organization\",\"@id\":\"https:\/\/visix.fr\/fr\/#organization\",\"name\":\"Visix\",\"url\":\"https:\/\/visix.fr\/fr\/\",\"logo\":{\"@type\":\"ImageObject\",\"inLanguage\":\"fr-FR\",\"@id\":\"https:\/\/visix.fr\/fr\/#\/schema\/logo\/image\/\",\"url\":\"https:\/\/visix.fr\/wp-content\/uploads\/2022\/11\/LOGO_PMS_Visix_Brand-Shiners_Registered-04.svg\",\"contentUrl\":\"https:\/\/visix.fr\/wp-content\/uploads\/2022\/11\/LOGO_PMS_Visix_Brand-Shiners_Registered-04.svg\",\"width\":203,\"height\":39,\"caption\":\"Visix\"},\"image\":{\"@id\":\"https:\/\/visix.fr\/fr\/#\/schema\/logo\/image\/\"}}]}<\/script>\n<!-- \/ Yoast SEO plugin. -->","yoast_head_json":{"title":"Mobiliers | Visix","robots":{"index":"index","follow":"follow","max-snippet":"max-snippet:-1","max-image-preview":"max-image-preview:large","max-video-preview":"max-video-preview:-1"},"canonical":"https:\/\/visix.fr\/fr\/produits\/mobiliers\/","og_locale":"fr_FR","og_type":"article","og_title":"Mobiliers | Visix","og_description":"Notre mobilier comprend une s\u00e9rie de produits avec lesquels vous pouvez facilement habiller vos \u00e9v\u00e9nements. Notre gamme de meubles se compose de si\u00e8ges-poires, de cubes,","og_url":"https:\/\/visix.fr\/fr\/produits\/mobiliers\/","og_site_name":"Visix","article_modified_time":"2023-12-18T17:17:15+00:00","twitter_card":"summary_large_image","schema":{"@context":"https:\/\/schema.org","@graph":[{"@type":"WebPage","@id":"https:\/\/visix.fr\/fr\/produits\/mobiliers\/","url":"https:\/\/visix.fr\/fr\/produits\/mobiliers\/","name":"Mobiliers | Visix","isPartOf":{"@id":"https:\/\/visix.fr\/fr\/#website"},"datePublished":"2023-02-17T08:55:14+00:00","dateModified":"2023-12-18T17:17:15+00:00","breadcrumb":{"@id":"https:\/\/visix.fr\/fr\/produits\/mobiliers\/#breadcrumb"},"inLanguage":"fr-FR","potentialAction":[{"@type":"ReadAction","target":["https:\/\/visix.fr\/fr\/produits\/mobiliers\/"]}]},{"@type":"BreadcrumbList","@id":"https:\/\/visix.fr\/fr\/produits\/mobiliers\/#breadcrumb","itemListElement":[{"@type":"ListItem","position":1,"name":"Home","item":"https:\/\/visix.fr\/fr\/"},{"@type":"ListItem","position":2,"name":"Produits","item":"https:\/\/visix.fr\/fr\/produits\/"},{"@type":"ListItem","position":3,"name":"Mobiliers"}]},{"@type":"WebSite","@id":"https:\/\/visix.fr\/fr\/#website","url":"https:\/\/visix.fr\/fr\/","name":"Visix","description":"We make your brand shine","publisher":{"@id":"https:\/\/visix.fr\/fr\/#organization"},"potentialAction":[{"@type":"SearchAction","target":{"@type":"EntryPoint","urlTemplate":"https:\/\/visix.fr\/fr\/?s={search_term_string}"},"query-input":"required name=search_term_string"}],"inLanguage":"fr-FR"},{"@type":"Organization","@id":"https:\/\/visix.fr\/fr\/#organization","name":"Visix","url":"https:\/\/visix.fr\/fr\/","logo":{"@type":"ImageObject","inLanguage":"fr-FR","@id":"https:\/\/visix.fr\/fr\/#\/schema\/logo\/image\/","url":"https:\/\/visix.fr\/wp-content\/uploads\/2022\/11\/LOGO_PMS_Visix_Brand-Shiners_Registered-04.svg","contentUrl":"https:\/\/visix.fr\/wp-content\/uploads\/2022\/11\/LOGO_PMS_Visix_Brand-Shiners_Registered-04.svg","width":203,"height":39,"caption":"Visix"},"image":{"@id":"https:\/\/visix.fr\/fr\/#\/schema\/logo\/image\/"}}]}},"_links":{"self":[{"href":"https:\/\/visix.fr\/fr\/wp-json\/wp\/v2\/pages\/5140"}],"collection":[{"href":"https:\/\/visix.fr\/fr\/wp-json\/wp\/v2\/pages"}],"about":[{"href":"https:\/\/visix.fr\/fr\/wp-json\/wp\/v2\/types\/page"}],"author":[{"embeddable":true,"href":"https:\/\/visix.fr\/fr\/wp-json\/wp\/v2\/users\/1"}],"replies":[{"embeddable":true,"href":"https:\/\/visix.fr\/fr\/wp-json\/wp\/v2\/comments?post=5140"}],"version-history":[{"count":7,"href":"https:\/\/visix.fr\/fr\/wp-json\/wp\/v2\/pages\/5140\/revisions"}],"predecessor-version":[{"id":8974,"href":"https:\/\/visix.fr\/fr\/wp-json\/wp\/v2\/pages\/5140\/revisions\/8974"}],"up":[{"embeddable":true,"href":"https:\/\/visix.fr\/fr\/wp-json\/wp\/v2\/pages\/5132"}],"wp:attachment":[{"href":"https:\/\/visix.fr\/fr\/wp-json\/wp\/v2\/media?parent=5140"}],"curies":[{"name":"wp","href":"https:\/\/api.w.org\/{rel}","templated":true}]}}